{"id":17,"date":"2015-04-18T21:50:16","date_gmt":"2015-04-18T21:50:16","guid":{"rendered":"http:\/\/www.schwulejugend.de\/sjk\/?page_id=17"},"modified":"2024-08-07T21:06:16","modified_gmt":"2024-08-07T21:06:16","slug":"satzung","status":"publish","type":"page","link":"https:\/\/www.schwulejugend.de\/sjk\/?page_id=17","title":{"rendered":"Geschichte"},"content":{"rendered":"<p><b>1988 \u2013 2019 \/\/\u00a031 Jahre SJK \u2013 Ein R\u00fcckblick<\/b><\/p>\n<p><b>Die Gr\u00fcndung und Anf\u00e4nge der Schwulen Jugendgruppe Koblenz e.V.<\/b><\/p>\n<p>Die Jugendgruppe wurde im Mai 1988 auf Initiative eines damals 15 j\u00e4hrigen und zwei weiteren Jugendlichen als \u201cFun Club Koblenz\u201d (kurz FCK) gegr\u00fcndet. Urspr\u00fcnglich als Freizeitgruppe gedacht, nahm der FCK recht bald Selbsthilfecharakter an. Es gab anfangs alle 14 Tage, sp\u00e4ter w\u00f6chentliche Treffs und ein Infotelefon, auf das in Kleinanzeigen hingewiesen wurde. Beides war nur m\u00f6glich dank der Unterst\u00fctzung durch die Psychosoziale AIDS- Beratungsstelle und die Jugend- und Drogenberatungsstelle des Caritasverbandes Koblenz, welche R\u00e4ume und einen Telefonanschluss zur Verf\u00fcgung stellten und die heute noch Gastgeber der Gruppe sind.<\/p>\n<p><a href=\"http:\/\/www.schwulejugend.de\/sjk\/wp-content\/uploads\/2015\/04\/FCK-AltesLogo.png\"><img loading=\"lazy\" decoding=\"async\" class=\"alignnone wp-image-527\" src=\"http:\/\/www.schwulejugend.de\/sjk\/wp-content\/uploads\/2015\/04\/FCK-AltesLogo-300x300.png\" alt=\"FCK-AltesLogo\" width=\"181\" height=\"181\" srcset=\"https:\/\/www.schwulejugend.de\/sjk\/wp-content\/uploads\/2015\/04\/FCK-AltesLogo-300x300.png 300w, https:\/\/www.schwulejugend.de\/sjk\/wp-content\/uploads\/2015\/04\/FCK-AltesLogo-150x150.png 150w, https:\/\/www.schwulejugend.de\/sjk\/wp-content\/uploads\/2015\/04\/FCK-AltesLogo.png 614w\" sizes=\"(max-width: 181px) 100vw, 181px\" \/><\/a><\/p>\n<p>Im Laufe der Zeit intensivierte\u00a0der FCK seine \u00d6ffentlichkeitsarbeit. So gab es u.a. eine Aufkleberaktion, um auf die Gruppe aufmerksam zu machen; einige Mitglieder beteiligten sich an Infost\u00e4nden w\u00e4hrend der \u201cWoche der seelischen Gesundheit\u201d im September 1989.<\/p>\n<p>Im April 1990 regte der FCK die Gr\u00fcndung des \u201c<em>Elternhorizonts<\/em>\u201d an, einer Gruppe, in der Eltern von jungen Homosexuellen \u00fcber ihre Probleme und Erfahrungen reden konnten.<\/p>\n<p>Anfang 1991 trat die Jugendgruppe dem &#8222;Jugendnetzwerk LAMBDA e.V.&#8220; bei, einem schwul- lesbischen Jugendverband auf Bundesebene mit Sitz in Berlin. Die Gruppe wurde damit zugleich die Kontaktstelle des <em>Jugendnetzwerkes LAMBDA<\/em> f\u00fcr das Land Rheinland-Pfalz.<\/p>\n<p>Im Sommer 1992 wurde der Name der Gruppe (nicht zuletzt wegen der Verwechslungsgefahr\u00a0mit dem FC Kaiserslautern) in \u201cSJK \u2013 Schwule Jugendgruppe Koblenz\u201d ge\u00e4ndert.<\/p>\n<p><a href=\"http:\/\/www.schwulejugend.de\/sjk\/wp-content\/uploads\/2015\/04\/SJKGROSS.gif\"><img loading=\"lazy\" decoding=\"async\" class=\"alignnone wp-image-528\" src=\"http:\/\/www.schwulejugend.de\/sjk\/wp-content\/uploads\/2015\/04\/SJKGROSS-300x115.gif\" alt=\"SJKGROSS\" width=\"261\" height=\"100\" srcset=\"https:\/\/www.schwulejugend.de\/sjk\/wp-content\/uploads\/2015\/04\/SJKGROSS-300x115.gif 300w, https:\/\/www.schwulejugend.de\/sjk\/wp-content\/uploads\/2015\/04\/SJKGROSS-768x295.gif 768w, https:\/\/www.schwulejugend.de\/sjk\/wp-content\/uploads\/2015\/04\/SJKGROSS-1024x394.gif 1024w\" sizes=\"(max-width: 261px) 100vw, 261px\" \/><\/a><\/p>\n<p>Seit Anfang 1993 nahm die SJK an den Sitzungen der Arbeitsgemeinschaft der Koblenzer Jugendverb\u00e4nde teil, deren stimmberechtigtes Mitglied sie im Jahre 1995 wurde.<\/p>\n<p>Die SJK beteiligte sich 1994 ma\u00dfgeblich an der Gr\u00fcndung des LAMBDA-Landesverbandes \u201c<em>Schwul-Lesbisches Jugendnetzwerk LAMBDA Rheinland-Pfalz\/Saar e.V.<\/em>\u201d.<\/p>\n<p>Anfang 1999 wurde die Jugendgruppe vom Finanzamt Koblenz als gemeinn\u00fctzig anerkannt. Die SJK erlangte\u00a0zugleich beim Amtsgericht Koblenz die Eintragung des Vereins als \u201cSchwule Jugendgruppe Koblenz e.V.\u201d.<\/p>\n<p><b>Die Jugendgruppe und der Freitagstreff<\/b><\/p>\n<p>Ein Schwerpunkt der Gruppenarbeit ist von Anfang an bis heute der regelm\u00e4\u00dfige Freitagstreff im Kontaktladen &lt;<em>Komm\u00b4ma\u00b4<\/em>&gt; der Jugend- und Drogenberatungsstelle der Caritas. Hier wird gekocht, gekl\u00f6nt, es wird \u00fcber Filme oder aktuelle Themen diskutiert u.v.a.m.<\/p>\n<p>Wichtig hieran ist vor allem die damit gebotene Alternative zur kommerziellen Kneipenszene, die gerade junge Schwule, Lesben und Bisexuelle, die am Beginn ihres Coming-Out-Prozesses stehen, oft verunsichert. Beim Freitagstreff der SJK k\u00f6nnen sie in einer angst- und repressionsfreien Atmosph\u00e4re mit Gleichf\u00fchlenden und -denkenden \u00fcber all die Sorgen und N\u00f6te sprechen, die sie aus Furcht vor Diskriminierung dem Freundeskreis oder der Familie nicht anvertrauen k\u00f6nnen. Die meisten Jugendlichen im Treff haben ganz \u00e4hnliche Probleme, mit denen sie fertig werden mussten oder noch m\u00fcssen \u2013 der Erfahrungsaustausch hier\u00fcber kann dem Einzelnen eine gro\u00dfe Hilfe bei der Selbstfindung und der St\u00e4rkung des Selbstvertrauens sein.<\/p>\n<p>Die regelm\u00e4\u00dfigen Freizeitaktivit\u00e4ten der Gruppe umfassen au\u00dferdem gemeinsame Kino- oder Schwimmbadbesuche, Ausfl\u00fcge, Grillabende sowie nat\u00fcrlich die inzwischen traditionelle SJK-Weihnachtsfeier.<\/p>\n<p><b>Die Jahre von 1993-2003 \u2013 Aktionstage MayGay \/ Gayfluentes und das erste Schulprojekt\u00a0<\/b><\/p>\n<p>Die Jugendgruppe machte beginnend mit den 1990er Jahren verst\u00e4rkt durch regelm\u00e4\u00dfige Aktionen wie z.B. die MayGay \/ Gayfluentes, Infost\u00e4nde, Kinoveranstaltungen in Zusammenarbeit mit dem Koblenzer Odeon\u00a0Kinotheater und \u00fcber Anzeigen auf sich aufmerksam.<\/p>\n<p><a href=\"http:\/\/www.schwulejugend.de\/sjk\/wp-content\/uploads\/2015\/04\/SJKNEW.gif\"><img loading=\"lazy\" decoding=\"async\" class=\"alignnone wp-image-529\" src=\"http:\/\/www.schwulejugend.de\/sjk\/wp-content\/uploads\/2015\/04\/SJKNEW.gif\" alt=\"SJKNEW\" width=\"201\" height=\"121\" \/><\/a><\/p>\n<p>Schon in den ersten Jahren des Bestehens der Gruppe wurden \u00fcber Christi Himmelfahrt anl\u00e4sslich des jeweiligen Gr\u00fcndungsgeburtstages im kleineren Rahmen Freunde und G\u00e4ste der SJK aus nah und fern eingeladen.<\/p>\n<p>Es entstanden hieraus die von 1993 bis 2003 um Vatertag herum\u00a0veranstalteten \u201cS<em>chwul-Lesbischen Jugend- und Kulturtage Koblenz<\/em>\u201d, von 1995 bis 2000 kurz \u201c<em>MayGay<\/em>\u201d genannt. Die Veranstaltungen wurden aufgrund ihres Umfanges jeweils mit Unterst\u00fctzung des Bundes- oder Landesverbandes <em>LAMBDA<\/em> realisiert. Weitere Veranstaltungspartner fand die SJK z.B. in der AIDS-Hilfe Koblenz und der &#8222;HuK&#8220;-Regionalgruppe Koblenz-Limburg.<\/p>\n<p><a href=\"http:\/\/www.schwulejugend.de\/sjk\/wp-content\/uploads\/2015\/04\/picture.gif\"><img loading=\"lazy\" decoding=\"async\" class=\"alignnone wp-image-530 size-medium\" src=\"http:\/\/www.schwulejugend.de\/sjk\/wp-content\/uploads\/2015\/04\/picture-300x127.gif\" alt=\"picture\" width=\"300\" height=\"127\" \/><\/a><\/p>\n<p>In den Jahren 2001 bis 2003 wurde das Event aus namensrechtlichen Gr\u00fcnden dann unter dem Namen \u201cGayfluentes\u201d realisiert.<\/p>\n<p>Aktivit\u00e4ten im Rahmen dieser schwul-lesbischen Aktionswochen waren insbesondere eine Mischung aus kulturellem Rahmenprogramm mit Theaterveranstaltungen, Kinovorf\u00fchrungen, Galaabenden, verschiedenen Seminaren und Workshops, Diskussions-\/ Podiumsveranstaltungen, Lesungen sowie begleitenden Veranstaltungen wie Busfahrten, Wanderungen, Grillen oder Schifffahrten.<\/p>\n<p>Als Schirmherren bzw. -frauen der Veranstaltungen konnten Pers\u00f6nlichkeiten des \u00f6ffentlichen Lebens wie der B\u00fcrgermeister der Stadt Koblenz, Peter Kn\u00fcpper (Kulturtage 1993), Frau Jutta Scharping (Aktionswoche 1994), der Oberb\u00fcrgermeister der Stadt Koblenz Dr. Schulte-Wissermann (MayGay\u201995), der Ministerpr\u00e4sident des Landes Rheinland-Pfalz, Kurt Beck (MayGay\u201996), Frau Dr. Rose G\u00f6tte, Ministerin f\u00fcr Kultur, Jugend, Familie und Frauen des Landes Rheinland-Pfalz (MayGay\u201997) sowie Frau Andrea Nahles, MdB und seinerzeitige Bundesvorsitzende der JUSOS (MayGay\u201998) gewonnen werden. F\u00fcr die MayGay\u201999 war Herr Volker Beck, MdB (B\u00fcndnis 90\/Die Gr\u00fcnen) Schirmherr der Veranstaltung, in 2000 Frau MdL Gisela Bill, (B\u00fcndnis 90\/Die Gr\u00fcnen).<\/p>\n<p>Die Veranstaltungen wurden mit der Unterst\u00fctzung der Stadt Koblenz und des Landes Rheinland-Pfalz sowie weiterer \u00f6ffentlicher Geldgeber und privater Sponsoren m\u00f6glich.<\/p>\n<p><strong>Ein (damals) neues Medium \u2013 das Internet<\/strong><\/p>\n<p>Mit der gr\u00f6\u00dferen Verbreitung des Internets \u00e4nderte und erweiterte sich auch die Arbeit des Vereins.<\/p>\n<p>Bereits seit Ende 1996 hat die Jugendgruppe im Internet eine eigene Website, die seit August 1999 unter den eigenen Internetdom\u00e4nen schwulejugend.de oder sjk-online.de erreichbar ist. Es bestand (und besteht) damit auch die M\u00f6glichkeit, die SJK unter der E-Mail-Adresse sjk [at] schwulejugend [dot] de jederzeit zu kontaktieren.<\/p>\n<p><a href=\"http:\/\/www.schwulejugend.de\/sjk\/wp-content\/uploads\/2015\/04\/423612_337260802987049_153831437_n.jpg\"><img loading=\"lazy\" decoding=\"async\" class=\"alignnone wp-image-531\" src=\"http:\/\/www.schwulejugend.de\/sjk\/wp-content\/uploads\/2015\/04\/423612_337260802987049_153831437_n-191x300.jpg\" alt=\"423612_337260802987049_153831437_n\" width=\"151\" height=\"237\" srcset=\"https:\/\/www.schwulejugend.de\/sjk\/wp-content\/uploads\/2015\/04\/423612_337260802987049_153831437_n-191x300.jpg 191w, https:\/\/www.schwulejugend.de\/sjk\/wp-content\/uploads\/2015\/04\/423612_337260802987049_153831437_n.jpg 458w\" sizes=\"(max-width: 151px) 100vw, 151px\" \/><\/a><\/p>\n<p><strong>Das erste Schulprojekt<\/strong><\/p>\n<p>Im Jahre 1997 wurde mit der Realisierung des ersten SJK-Schulprojektes begonnen; Mitglieder der SJK gingen an Schulen und diskutieren mit Lehrern und Sch\u00fclern im Rahmen des regul\u00e4ren Unterrichtes u.a. \u00fcber Themen wie Schwule und Lesben in der Gesellschaft, Homosexualit\u00e4t, bestehende Vorurteile sowie Fragen des Coming-Outs.<\/p>\n<p><b>Die SJK e.V. in den Jahren 2004 bis 2011<\/b><\/p>\n<p>In den Jahren 2004 bis 2011 setzte der Verein seine Arbeit insbesondere mit dem Schwerpunkt der regelm\u00e4\u00dfigen ca. 52 Freitagstreffs \/ Themenabende je Jahr und der Beratungsarbeit fort.<\/p>\n<p>Die j\u00e4hrlichen, rund um den Geburtstag der Gruppe stattfindenden Veranstaltungsreihen wurden im kleineren Umfang weiter fortgef\u00fchrt.<\/p>\n<p><img loading=\"lazy\" decoding=\"async\" class=\"alignnone wp-image-539 size-medium\" src=\"http:\/\/www.schwulejugend.de\/sjk\/wp-content\/uploads\/2015\/04\/sjk_slide_csd2013_klein-300x120.jpg\" alt=\"sjk_slide_csd2013_klein\" width=\"300\" height=\"120\" srcset=\"https:\/\/www.schwulejugend.de\/sjk\/wp-content\/uploads\/2015\/04\/sjk_slide_csd2013_klein-300x120.jpg 300w, https:\/\/www.schwulejugend.de\/sjk\/wp-content\/uploads\/2015\/04\/sjk_slide_csd2013_klein.jpg 500w\" sizes=\"(max-width: 300px) 100vw, 300px\" \/><\/p>\n<p>In den in diesen Jahren neu aufkommenden sozialen Netzwerken wurden durch die Planungsgruppe der SJK neben der Website neue M\u00f6glichkeiten geschaffen, mit der Jugendgruppe in Kontakt zu treten und die Arbeit der SJK kennenzulernen.<\/p>\n<p>Die Kontaktaufnahmen mit der Gruppe verlagerten sich in diesem Zeitraum fast vollst\u00e4ndig vom anf\u00e4nglichen Schwerpunkt Telefon \/ Telefondienst auf die Onlineangebote des Vereins.<\/p>\n<p><b>Die SJK e.V.\u00a0seit 2011<\/b><\/p>\n<p>Beginnend mit dem Jahr 2011 wurden die Onlineangebote konsequent weiter im Hinblick auf die neuen M\u00f6glichkeiten des \u201eWeb 2.0\u201c ausgebaut.<\/p>\n<p>Mit einer eigenen Seite des Vereins bei Facebook werden die Kommunikations- und Informationsm\u00f6glichkeiten dieser Plattform seit 2011 ebenso f\u00fcr den Verein genutzt. Die SJK ist ebenfalls mit Informationsseiten in Portalen wie &#8222;Planetromeo&#8220; und &#8222;dbna&#8220;\u00a0vertreten.<\/p>\n<p><a href=\"http:\/\/www.schwulejugend.de\/sjk\/wp-content\/uploads\/2015\/04\/Facebook-Seiten-1.png\"><img loading=\"lazy\" decoding=\"async\" class=\"alignnone wp-image-536 size-medium\" src=\"http:\/\/www.schwulejugend.de\/sjk\/wp-content\/uploads\/2015\/04\/Facebook-Seiten-1-195x300.png\" alt=\"Facebook Seiten 1\" width=\"195\" height=\"300\" srcset=\"https:\/\/www.schwulejugend.de\/sjk\/wp-content\/uploads\/2015\/04\/Facebook-Seiten-1-195x300.png 195w, https:\/\/www.schwulejugend.de\/sjk\/wp-content\/uploads\/2015\/04\/Facebook-Seiten-1.png 520w\" sizes=\"(max-width: 195px) 100vw, 195px\" \/><\/a><\/p>\n<p><strong>Die M\u00e4delsgruppe<\/strong><\/p>\n<p>Ab\u00a02012 verst\u00e4rkte die Jugendgruppe ihre Arbeit auch im Bereich der Angebote f\u00fcr lesbische Jugendliche. Der Onlineauftritt des Vereins wurde entsprechend um Angebote unter der Webadresse lesbische-jugend.de erg\u00e4nzt.<\/p>\n<p><strong>25. Geburtstag<\/strong><\/p>\n<p><a href=\"http:\/\/www.schwulejugend.de\/sjk\/wp-content\/uploads\/2015\/04\/Unbenannt.png\"><img loading=\"lazy\" decoding=\"async\" class=\"alignnone wp-image-548 size-thumbnail\" src=\"http:\/\/www.schwulejugend.de\/sjk\/wp-content\/uploads\/2015\/04\/Unbenannt-150x150.png\" alt=\"Unbenannt\" width=\"150\" height=\"150\" srcset=\"https:\/\/www.schwulejugend.de\/sjk\/wp-content\/uploads\/2015\/04\/Unbenannt-150x150.png 150w, https:\/\/www.schwulejugend.de\/sjk\/wp-content\/uploads\/2015\/04\/Unbenannt-298x300.png 298w, https:\/\/www.schwulejugend.de\/sjk\/wp-content\/uploads\/2015\/04\/Unbenannt-768x773.png 768w, https:\/\/www.schwulejugend.de\/sjk\/wp-content\/uploads\/2015\/04\/Unbenannt.png 800w\" sizes=\"(max-width: 150px) 100vw, 150px\" \/><\/a><\/p>\n<p>2013 feierte die SJK Ihren 25. Geburtstag mit einigen Sonderaktionen wie einer Kinovorf\u00fchrung und einer Autorenlesung. Hierzu gab es ein Gru\u00dfwort des Oberb\u00fcrgermeisters der Stadt Koblenz.<\/p>\n<p><strong>Die SJK im QueerNet RLP<\/strong><\/p>\n<p>Im Jahre 2011 ist die SJK &#8222;QueerNet Rheinland-Pfalz e.V.&#8220; bei dessen Mitgliederversammlung beigetreten.<br \/>\nGegr\u00fcndet wurde &#8222;QueerNet Rheinland Pfalz&#8220; bereits im Jahr 2005; es besteht momentan aus \u00fcber 25 queeren Gruppen und Initiativen, die teils regional, teils landesweit aktiv sind und \u00fcber ganz Rheinland-Pfalz verteilt sind. Mit diesem Beitritt ergaben sich neue M\u00f6glichkeiten, um zusammen mit anderen queeren Organisationen in Koblenz und Rheinland-Pfalz Kontakte zu kn\u00fcpfen und zusammenzuarbeiten.<\/p>\n<p><strong>Sei SchLAu \u2013 Antidiskriminierungs und Informationsarbeit<\/strong><\/p>\n<p>Von\u00a02012 bis 2015 war die SJK f\u00fcr die Region Koblenz Teil des &#8222;SchLAu&#8220;-Netzes in Rheinland-Pfalz, in dem sich insgesamt vier regionale &#8222;SchLAu&#8220;-Gruppen zusammengeschlossen haben.<\/p>\n<p>&#8222;SchLAu&#8220; steht dabei f\u00fcr Schwul Lesbisch Bi Trans Aufkl\u00e4rung in Rheinland-Pfalz. Das &#8222;SchLAu&#8220;-Team Koblenz besucht ehrenamtlich Schulen und Bildungseinrichtungen und leistet dort nach festgelegten Standards wirksam Aufkl\u00e4rungs-, Antidiskriminierungs- und Informationsarbeit \u00fcber queere Lebensweisen. Workshops thematisieren typische Diskriminierungs\u00admechanismen, geben authentische Einblicke in gleichgeschlecht\u00adliche Lebensweisen und vermitteln Akzeptanz gegen\u00fcber der Vielfalt menschlicher Lebensentw\u00fcrfe.<\/p>\n<p>Das &#8222;SchLAu&#8220;-Team in Koblenz wurde\u00a0durch SJKler gegr\u00fcndet und aufgebaut. Es wurde als weitgehend eigenst\u00e4ndiges Projekt unter dem Dach der SJK gef\u00fchrt. Im Jahr 2015 wechselte es zu einem extra daf\u00fcr gegr\u00fcndeten\u00a0Tr\u00e4ger innerhalb des QueerNet RLP-Verbundes.<\/p>\n<p><img loading=\"lazy\" decoding=\"async\" class=\"alignnone\" src=\"http:\/\/www.schwulejugend.de\/sjk\/wp-content\/uploads\/2015\/04\/logo_sjk11.png\" width=\"134\" height=\"135\" \/><\/p>\n<p><strong><em>Und jetzt?<\/em><\/strong><\/p>\n<p>Aktuell setzt die SJK ihren Schwerpunkt auf\u00a0die Jugendarbeit im Freitagstreff und richtet weitere Aktionen z.B.\u00a0f\u00fcr die Weiterbildung junger Erwachsener und Jugendlicher aus. Ein H\u00f6hepunkt war hier 2016 der Vortrag des angesehenen Dipl.-Psych. Dominic Frohn zum Thema<br \/>\n&#8222;Coming out im Job&#8220; in Zusammenarbeit mit der HS-Koblenz und 2015 ein Selbstverteidigungskurs mit einem professionellen Trainer. Die SJK setzt f\u00fcr solche Veranstaltungen auf eine enge Zusammenarbeit mit den Koblenzer Hochschulen und den anderen queeren Koblenzer Vereinen.<\/p>\n<p><a href=\"http:\/\/www.schwulejugend.de\/sjk\/wp-content\/uploads\/2016\/04\/DSC00531_1.jpg\"><img loading=\"lazy\" decoding=\"async\" class=\"alignnone size-medium wp-image-501\" src=\"http:\/\/www.schwulejugend.de\/sjk\/wp-content\/uploads\/2016\/04\/DSC00531_1-300x200.jpg\" alt=\"DSC00531_1\" width=\"300\" height=\"200\" srcset=\"https:\/\/www.schwulejugend.de\/sjk\/wp-content\/uploads\/2016\/04\/DSC00531_1-300x200.jpg 300w, https:\/\/www.schwulejugend.de\/sjk\/wp-content\/uploads\/2016\/04\/DSC00531_1-768x511.jpg 768w, https:\/\/www.schwulejugend.de\/sjk\/wp-content\/uploads\/2016\/04\/DSC00531_1.jpg 1024w\" sizes=\"(max-width: 300px) 100vw, 300px\" \/><\/a><a href=\"http:\/\/www.schwulejugend.de\/sjk\/wp-content\/uploads\/2016\/04\/11717457_905429286170195_4202909906062466779_o.jpg\"><img loading=\"lazy\" decoding=\"async\" class=\"alignnone size-medium wp-image-499\" src=\"http:\/\/www.schwulejugend.de\/sjk\/wp-content\/uploads\/2016\/04\/11717457_905429286170195_4202909906062466779_o-300x200.jpg\" alt=\"11717457_905429286170195_4202909906062466779_o\" width=\"300\" height=\"200\" srcset=\"https:\/\/www.schwulejugend.de\/sjk\/wp-content\/uploads\/2016\/04\/11717457_905429286170195_4202909906062466779_o-300x200.jpg 300w, https:\/\/www.schwulejugend.de\/sjk\/wp-content\/uploads\/2016\/04\/11717457_905429286170195_4202909906062466779_o-768x511.jpg 768w, https:\/\/www.schwulejugend.de\/sjk\/wp-content\/uploads\/2016\/04\/11717457_905429286170195_4202909906062466779_o-1024x682.jpg 1024w, https:\/\/www.schwulejugend.de\/sjk\/wp-content\/uploads\/2016\/04\/11717457_905429286170195_4202909906062466779_o.jpg 2048w\" sizes=\"(max-width: 300px) 100vw, 300px\" \/><\/a><\/p>\n<p>Im Jahr 2018 feierte die SJK 30. Geburtstag. Im Rahmen dieses Geburtstages gab es viele Veranstaltungen, wie z.B. eine Lesung mit Jan Ranft, ein Selbstverteidigungskurs, ein Besuch der Fantasypride und eine gro\u00dfe Grillfeier.<\/p>\n<p>Durch die Corona-Pandemie musste die SJK ihr Angebot ab M\u00e4rz 2020 sehr weit zur\u00fcckfahren. Mit Online-Veranstaltungen wurde zumindest versucht etwas aufrecht zu erhalten. Die Freitagstreff konnten erst ab Sp\u00e4tsommer 2021 wieder aufgenommen werden, zuerst mit 2G oder 3G Regeln, sowie Personenbegrenzungen. Seit Mitte 2022 finden die Freitagstreff jedoch wieder regelm\u00e4\u00dfig statt und erlebt wieder guten Zuspruch. Auch die Veranstaltungen au\u00dferhalb des Freitagstreffs konnten 2023 wieder mehr aufleben.<\/p>\n<p><span style=\"color: #999999;\">(td\u20191993 \/ js\u20191998-2008, aktualisiert: tr\u20192010, js\u20192013, js\u20192015, cb&#8217;2016-2023)<\/span><\/p>\n","protected":false},"excerpt":{"rendered":"<p>1988 \u2013 2019 \/\/\u00a031 Jahre SJK \u2013 Ein R\u00fcckblick Die Gr\u00fcndung und Anf\u00e4nge der Schwulen Jugendgruppe Koblenz e.V. Die Jugendgruppe wurde im Mai 1988 auf Initiative eines damals 15 j\u00e4hrigen und zwei weiteren Jugendlichen als \u201cFun Club Koblenz\u201d (kurz FCK)<\/p>\n","protected":false},"author":1,"featured_media":0,"parent":0,"menu_order":50,"comment_status":"open","ping_status":"open","template":"","meta":{"footnotes":""},"_links":{"self":[{"href":"https:\/\/www.schwulejugend.de\/sjk\/index.php?rest_route=\/wp\/v2\/pages\/17"}],"collection":[{"href":"https:\/\/www.schwulejugend.de\/sjk\/index.php?rest_route=\/wp\/v2\/pages"}],"about":[{"href":"https:\/\/www.schwulejugend.de\/sjk\/index.php?rest_route=\/wp\/v2\/types\/page"}],"author":[{"embeddable":true,"href":"https:\/\/www.schwulejugend.de\/sjk\/index.php?rest_route=\/wp\/v2\/users\/1"}],"replies":[{"embeddable":true,"href":"https:\/\/www.schwulejugend.de\/sjk\/index.php?rest_route=%2Fwp%2Fv2%2Fcomments&post=17"}],"version-history":[{"count":19,"href":"https:\/\/www.schwulejugend.de\/sjk\/index.php?rest_route=\/wp\/v2\/pages\/17\/revisions"}],"predecessor-version":[{"id":2134,"href":"https:\/\/www.schwulejugend.de\/sjk\/index.php?rest_route=\/wp\/v2\/pages\/17\/revisions\/2134"}],"wp:attachment":[{"href":"https:\/\/www.schwulejugend.de\/sjk\/index.php?rest_route=%2Fwp%2Fv2%2Fmedia&parent=17"}],"curies":[{"name":"wp","href":"https:\/\/api.w.org\/{rel}","templated":true}]}}